{"id":44,"date":"2024-12-02T10:11:36","date_gmt":"2024-12-02T09:11:36","guid":{"rendered":"https:\/\/architechniker.de\/wordpress\/?page_id=44"},"modified":"2024-12-02T10:11:36","modified_gmt":"2024-12-02T09:11:36","slug":"impressum","status":"publish","type":"page","link":"https:\/\/architechniker.de\/wordpress\/index.php\/impressum\/","title":{"rendered":"Impressum"},"content":{"rendered":"<table class=\"contentpaneopen\">\n<tbody>\n<tr>\n<td class=\"contentheading\" width=\"100%\">Impressum<\/td>\n<td class=\"buttonheading\" align=\"right\" width=\"100%\"><a title=\"PDF\" href=\"https:\/\/liefert.info\/index.php\/impressum?format=pdf\" rel=\"nofollow\"><img decoding=\"async\" src=\"https:\/\/architechniker.de\/wordpress\/wp-content\/uploads\/2024\/12\/pdf_button.png\" alt=\"PDF\" \/><\/a><\/td>\n<td class=\"buttonheading\" align=\"right\" width=\"100%\"><a title=\"Drucken\" href=\"https:\/\/liefert.info\/index.php\/impressum?tmpl=component&amp;print=1&amp;page=\" rel=\"nofollow\"><img decoding=\"async\" src=\"https:\/\/architechniker.de\/wordpress\/wp-content\/uploads\/2024\/12\/printButton.png\" alt=\"Drucken\" \/><\/a><\/td>\n<td class=\"buttonheading\" align=\"right\" width=\"100%\"><a title=\"E-Mail\" href=\"https:\/\/liefert.info\/index.php\/component\/mailto\/?tmpl=component&amp;link=760b04caaaa9260e514f19da3f5e158b8df3e093\"><img decoding=\"async\" src=\"https:\/\/architechniker.de\/wordpress\/wp-content\/uploads\/2024\/12\/emailButton.png\" alt=\"E-Mail\" \/><\/a><\/td>\n<\/tr>\n<\/tbody>\n<\/table>\n<table class=\"contentpaneopen\">\n<tbody>\n<tr>\n<td valign=\"top\">\n<h2><img loading=\"lazy\" decoding=\"async\" src=\"https:\/\/architechniker.de\/wordpress\/wp-content\/uploads\/2024\/12\/ARCHItechniker-Bleistift.png\" alt=\"ARCHItechniker Bleistift\" width=\"75\" height=\"100\" \/>ARCHItechniker ist ein Projekt von<\/h2>\n<p>&nbsp;<\/p>\n<p>Thomas Tausend<\/p>\n<p>H\u00e4usergasse 15<\/p>\n<p>64521 Gro\u00df-Gerau<\/p>\n<p>Vanity: 0 7000 T A U S E N D<\/p>\n<p>Telefon: 06152 &#8211; 94 93 20<\/p>\n<p>Fax: 06152 &#8211; 94 93 22<\/p>\n<p>Email:\u00a0<a href=\"mailto:info@ARCHItechniker.de\">info@ARCHItechniker.de<\/a><\/p>\n<p>&nbsp;<\/p>\n<h2>Haftungshinweis<\/h2>\n<p>Trotz sorgf\u00e4ltiger inhaltlicher Kontrolle \u00fcbernehmen wir keine Haftung f\u00fcr die Inhalte externer Links. F\u00fcr den Inhalt der verlinkten Seiten sind ausschlie\u00dflich deren Betreiber verantwortlich.<\/p>\n<p>Der Inhalt dieser Website wurde mit geb\u00fchrender Sorgfalt zusammengestellt; die enthaltenen Angaben sind nach unserem besten Wissen und Gewissen richtig, vollst\u00e4ndig und aktuell. Eine Haftung oder Garantie f\u00fcr die Aktualit\u00e4t, Richtigkeit und Vollst\u00e4ndigkeit der zur Verf\u00fcgung gestellten Informationen und Daten ist aber ausgeschlossen.<\/p>\n<p>Der Inhalt dieser Website ist urheberrechtlich gesch\u00fctzt. Die Vervielf\u00e4ltigung von Informationen oder Daten, insbesondere die Verwendung von Texten, Textteilen oder Bildmaterial bedarf der vorherigen Zustimmung der ARCHItechniiker!<\/td>\n<\/tr>\n<\/tbody>\n<\/table>\n","protected":false},"excerpt":{"rendered":"<p>Impressum ARCHItechniker ist ein Projekt von &nbsp; Thomas Tausend H\u00e4usergasse 15 64521 Gro\u00df-Gerau Vanity: 0 7000 T A U S E N D Telefon: 06152 &#8211; 94 93 20 Fax: 06152 &#8211; 94 93 22 Email:\u00a0info@ARCHItechniker.de &nbsp; Haftungshinweis Trotz sorgf\u00e4ltiger inhaltlicher Kontrolle \u00fcbernehmen wir keine Haftung f\u00fcr die Inhalte externer Links. F\u00fcr den Inhalt der [&hellip;]<\/p>\n","protected":false},"author":1,"featured_media":0,"parent":0,"menu_order":0,"comment_status":"closed","ping_status":"closed","template":"","meta":{"advgb_blocks_editor_width":"","advgb_blocks_columns_visual_guide":"","footnotes":""},"class_list":["post-44","page","type-page","status-publish","hentry"],"coauthors":[],"author_meta":{"author_link":"https:\/\/architechniker.de\/wordpress\/index.php\/author\/thomas\/","display_name":"admin"},"relative_dates":{"created":"Posted 1\u00a0Jahr ago","modified":"Updated 1\u00a0Jahr ago"},"absolute_dates":{"created":"Posted on 02\/12\/2024","modified":"Updated on 02\/12\/2024"},"absolute_dates_time":{"created":"Posted on 02\/12\/2024 10:11","modified":"Updated on 02\/12\/2024 10:11"},"featured_img_caption":"","featured_img":false,"series_order":"","jetpack_sharing_enabled":true,"_links":{"self":[{"href":"https:\/\/architechniker.de\/wordpress\/index.php\/wp-json\/wp\/v2\/pages\/44","targetHints":{"allow":["GET"]}}],"collection":[{"href":"https:\/\/architechniker.de\/wordpress\/index.php\/wp-json\/wp\/v2\/pages"}],"about":[{"href":"https:\/\/architechniker.de\/wordpress\/index.php\/wp-json\/wp\/v2\/types\/page"}],"author":[{"embeddable":true,"href":"https:\/\/architechniker.de\/wordpress\/index.php\/wp-json\/wp\/v2\/users\/1"}],"replies":[{"embeddable":true,"href":"https:\/\/architechniker.de\/wordpress\/index.php\/wp-json\/wp\/v2\/comments?post=44"}],"version-history":[{"count":1,"href":"https:\/\/architechniker.de\/wordpress\/index.php\/wp-json\/wp\/v2\/pages\/44\/revisions"}],"predecessor-version":[{"id":46,"href":"https:\/\/architechniker.de\/wordpress\/index.php\/wp-json\/wp\/v2\/pages\/44\/revisions\/46"}],"wp:attachment":[{"href":"https:\/\/architechniker.de\/wordpress\/index.php\/wp-json\/wp\/v2\/media?parent=44"}],"curies":[{"name":"wp","href":"https:\/\/api.w.org\/{rel}","templated":true}]}}